{"id":88,"date":"2017-04-03T09:02:43","date_gmt":"2017-04-03T09:02:43","guid":{"rendered":"http:\/\/testjoko.de\/?page_id=88"},"modified":"2019-04-07T15:26:44","modified_gmt":"2019-04-07T13:26:44","slug":"geschichte","status":"publish","type":"page","link":"https:\/\/ruf-cloppenburg.de\/index.php\/geschichte\/","title":{"rendered":"Geschichte"},"content":{"rendered":"<p>Die Gr\u00fcn\u00addung des Reit- und Fahrvere\u00adins Clop\u00adpen\u00adburg in Bethen geht auf das Jahr 1922 zur\u00fcck. Die 1. Mit\u00adgliederver\u00adsamm\u00adlung tagte in der Gast\u00adst\u00e4tte D\u00f6lling. Zu den Mit\u00adbe\u00adgr\u00fcn\u00addern z\u00e4hlte unter anderen Anton Hey\u00ader. Die endg\u00fcltige Gr\u00fcn\u00addung fand dann 1923 statt. Zu dieser Zeit wurde in den Bether Tan\u00adnen auf L\u00fcbben Grund gerit\u00adten. Um das Jahr 1925 gelang es dem Clop\u00adpen\u00adburg\u00ader B\u00fcrg\u00ader\u00admeis\u00adter Heukamp den Vere\u00adin nach Clop\u00adpen\u00adburg umzusiedeln. Das Vere\u00adinslokal war damals Deeken-Hook. Trainiert wurde auf dem Friesoyther Mark\u00adt\u00adplatz. Das ist der Bere\u00adich auf dem heute das Schwe\u00adden\u00adheim&nbsp;steht.<\/p>\n<p>Die Reit\u00ader der 1. Stunde waren Th\u00f6ben Stern\u00adbusch, die Br\u00fcder Albers H\u00f6lt\u00ading\u00adhausen, D\u00f6p\u00adke Var\u00adrel\u00adbusch, B\u00fct\u00adtner und Giese Bethen. Zu dieser Zeit gab es etwa 40 aktive Reit\u00ader. Die Reit\u00adstun\u00adden waren son\u00adntags jew\u00adeils nach dem Hochamt. Reitlehrer war Anton Hey\u00ader. Diese T\u00e4tigkeit f\u00fchrte er 30 Jahre durch. Die h\u00e4u\u00adfig\u00adste Ver\u00adanstal\u00adtung war der son\u00adnt\u00e4gliche Aus\u00adritt. Im Jahr 1934 wurde der Reitvere\u00adin in den SS-Reit\u00ader\u00adsturm \u00fcber\u00adf\u00fchrt. Mit\u00adglieder, die den Schwur auf Adolf Hitler ver\u00adweigerten, wur\u00adden mehrere Wochen in Vech\u00adta inhaftiert. Allein vier Bether Reit\u00ader ver\u00adweigerten diesen Eid, unter anderen Giese.<br>\nDie schw\u00aderen Schat\u00adten des 2. Weltkrieges legten sich auch \u00fcber das Vere\u00adinsleben des Reit- und Fahrvere\u00adins. Alle Aktiv\u00adit\u00e4ten ruht\u00aden. Im Juli 1947 kam es zur erneuten Gr\u00fcn\u00addung des Bether Reitvere\u00adins. Zum Vor\u00adstand geh\u00f6rten August M\u00f6ller, Josef Nie\u00admann, Joseph Menke (Wes\u00adsels) und als Ehren\u00advor\u00adstand L. Albers. 12 aktive Reit\u00ader und 30 inak\u00adtive Mit\u00adglieder sind dem Vere\u00adin beige\u00adtreten. Reitlehrer wurde Alfred B\u00fct\u00adtner. Beim Bischof\u00adsemp\u00adfang am 10. August trat der Reitvere\u00adin erst\u00admals in Erschei\u00adn\u00adung. Am 27. August gab es dann auch einen Reit\u00ader\u00adball in Bethen, zu dem die Nach\u00adbarvere\u00adine Emstek, Cap\u00adpeln und Mol\u00adber\u00adgen ein\u00adge\u00adladen&nbsp;waren.<br>\nAuch der Clop\u00adpen\u00adburg\u00ader Reitvere\u00adin wurde wieder gegr\u00fcn\u00addet. Dies geschah wiederum in Bethen. Am Jugend\u00adbeken\u00adnt\u00adnis Tag fan\u00adden sich Bernd und Josef Th\u00f6ben neben Aloys Mey\u00ader (Schmertheim) auf dem Hof Hey\u00ader ein und besprachen mit Anton Hey\u00ader die Wieder\u00adgr\u00fcn\u00addung des Clop\u00adpen\u00adburg\u00ader Reitvere\u00adins. Eine Woche sp\u00e4ter kam es dann in der Gast\u00adst\u00e4tte Wienken in Clop\u00adpen\u00adburg zur offiziellen Gr\u00fcn\u00addung und wiederum eine Woche sp\u00e4ter fand das erste Reit\u00aden auf dem Ren\u00adnplatz statt. Anton Hey\u00ader bekam f\u00fcr seine Unter\u00adst\u00fctzung die Erlaub\u00adnis sein Auto anzumelden und erhielt daf\u00fcr Ben\u00adzingutscheine. Der Bether Reitvere\u00adin ging 1948 in dem Clop\u00adpen\u00adburg\u00ader Vere\u00adin auf. Reit\u00ader in dieser Zeit waren Tebben aus Warn\u00adst\u00adedt, Grev\u00ader und Greten aus Stallf\u00f6r\u00adden, Peek aus Gr\u00f6nheim,<br>\nRolfmey\u00ader, Tabel\u00ading und Dr. Hellkamp.<\/p>\n<p style=\"text-align: center;\">2. Turnier in Cappeln<\/p>\n<p><img loading=\"lazy\" decoding=\"async\" class=\"size-full wp-image-181 aligncenter\" src=\"http:\/\/testjoko.de\/wp-content\/uploads\/2018\/05\/Reitverein-vor-Wienken_preview.jpeg\" alt width=\"308\" height=\"197\" srcset=\"https:\/\/ruf-cloppenburg.de\/wp-content\/uploads\/2018\/05\/Reitverein-vor-Wienken_preview.jpeg 926w, https:\/\/ruf-cloppenburg.de\/wp-content\/uploads\/2018\/05\/Reitverein-vor-Wienken_preview-300x192.jpeg 300w, https:\/\/ruf-cloppenburg.de\/wp-content\/uploads\/2018\/05\/Reitverein-vor-Wienken_preview-768x491.jpeg 768w\" sizes=\"auto, (max-width: 308px) 100vw, 308px\"><\/p>\n<p style=\"text-align: center;\">Tre\u00adf\u00adfen zum Son\u00adnt\u00e4glich\u00ader Aus\u00adritt vor Gast\u00adst\u00e4tte Wienken<\/p>\n<p><img loading=\"lazy\" decoding=\"async\" class=\"size-full wp-image-180 aligncenter\" src=\"http:\/\/testjoko.de\/wp-content\/uploads\/2018\/05\/Cappeln-1948-2.-Turnier_preview.jpeg\" alt width=\"295\" height=\"172\" srcset=\"https:\/\/ruf-cloppenburg.de\/wp-content\/uploads\/2018\/05\/Cappeln-1948-2.-Turnier_preview.jpeg 886w, https:\/\/ruf-cloppenburg.de\/wp-content\/uploads\/2018\/05\/Cappeln-1948-2.-Turnier_preview-300x175.jpeg 300w, https:\/\/ruf-cloppenburg.de\/wp-content\/uploads\/2018\/05\/Cappeln-1948-2.-Turnier_preview-768x447.jpeg 768w\" sizes=\"auto, (max-width: 295px) 100vw, 295px\"><\/p>\n<p>In dieser Zeit fan\u00adden auch die ersten Turniere statt. So haben Josef Kl\u00e4ne-Menke und Anto\u00adnius Hey\u00ader am 2. Turnier in Cap\u00adpeln teilgenom\u00admen. In Clop\u00adpen\u00adburg fand das erste Turnier am 20. Juni 1948 auf dem Gel\u00e4nde des S\u00fcdold\u00aden\u00adburg\u00ader Ren\u00adnvere\u00adins (Ren\u00adnplatz an der Friesoyther Stra\u00dfe) statt. Das war der Tag vor der W\u00e4hrungsre\u00adform. Ein\u00adtritt wurde nicht ver\u00adlangt, da das Geld nichts mehr wert war. Die Besuch\u00ader bracht\u00aden aber reich\u00adlich mit und so wurde am Abend s\u00e4ck\u00adeweise das Geld gez\u00e4hlt. Der dama\u00adlige Schrift\u00adf\u00fchrer Aloys Mey\u00ader kon\u00adnte durch den Umtausch am n\u00e4ch\u00adsten Tag einen Gewinn von 2000 D\u2011Mark f\u00fcr den Vere\u00adin ver\u00adbuchen. In den f\u00fcn\u00adfziger Jahren hat\u00adte Clop\u00adpen\u00adburg ein reit\u00ader\u00adlich\u00ades Hoch. Es fan\u00adden mehrere Gro\u00df\u00adturniere statt. Klangvolle Namen wie Thiede\u00admann, Win\u00adkler und Alwin Schock\u00adem\u00f6h\u00adle standen auf den Teil\u00adnehmerlis\u00adten. Das Som\u00admer\u00adturnier 1957 z\u00e4hlte 20.000 Besucher\/-innen. Reitlehrer f\u00fcr Clop\u00adpen\u00adburg war Theo Wienken. Er \u00fcbte diese T\u00e4tigkeit ehre\u00adnamtlich bis 1973 aus. F\u00fcr diese Leis\u00adtung wurde er mit der sil\u00adber\u00adnen Nadel des Nieder\u00ads\u00e4ch\u00adsis\u00adchen Sport\u00adbun\u00addes ausgezeichnet.<\/p>\n<p>In den sechziger Jahren ent\u00adstand die Idee eine Rei\u00adthalle zu bauen. Hierzu wurde 1966 die Inter\u00ades\u00adsen\u00adge\u00admein\u00adschaft Rei\u00adthalle Clop\u00adpen\u00adburg gegr\u00fcn\u00addet. Teil\u00adnehmende Vere\u00adine waren die Reit- und Fahrvere\u00adine Clop\u00adpen\u00adburg, Gar\u00adrel, Cap\u00adpeln, Friesoythe und Emstek, die Sport\u00adge\u00admein\u00adschaft der Stadt Clop\u00adpen\u00adburg sowie der S\u00fcdold\u00aden\u00adburg\u00ader Ren\u00adnvere\u00adin. Vor\u00adsitzen\u00adder war Hel\u00admut Thole. Die Stadt Clop\u00adpen\u00adburg stellte das Gel\u00e4nde am Gar\u00adrel\u00ader Weg mit\u00adtels Erb\u00adbau\u00adrechtsver\u00adtrag zur Ver\u00adf\u00fc\u00adgung. In ein\u00ader auf dem Gel\u00e4nde ste\u00adhen\u00adden Baracke befand sich fr\u00fcher ein Aus\u00adbil\u00addungszen\u00adtrum der Hitler\u00adju\u00adgend. Zwis\u00adchen der ersten und zweit\u00aden Baracke waren Toi\u00adlet\u00adten und Waschr\u00e4ume. In bei\u00adden Barack\u00aden wur\u00adden sp\u00e4ter Fl\u00fcchtlinge unterge\u00adbracht. Beim Bau der Rei\u00adthalle wurde eine Baracke ent\u00adfer\u00adnt und die andere als Pfer\u00addestall umge\u00adbaut und ste\u00adht heute noch. Die Bauzeit der Rei\u00adthalle betrug lediglich f\u00fcnf Monate. Viele Auf\u00adgaben wur\u00adden in Eige\u00adnar\u00adbeit erledigt, unter anderem wurde 1500 cbm\u00b2 Sand von den Rei\u00adt\u00aderin\u00adnen und Reit\u00adern angeliefert. Am 27. M\u00e4rz 1967 wurde die Rei\u00adthalle an den B\u00fchren\u00ader Tan\u00adnen von Dechant Mey\u00ader feier\u00adlich eingewei\u00adht. Am fol\u00adgen\u00adden Woch\u00adenende fand dann auch das erste Turnier statt, viele soll\u00adten folgen.<\/p>\n<p>1973 pachtete Dieter Drees die Halle von der Inter\u00ades\u00adsen\u00adge\u00admein\u00adschaft und \u00fcber\u00adnahm den Posten des Reitlehrers. Vorst\u00e4nde zu dieser Zeit waren Lothar Joop, Clop\u00adpen\u00adburg (1969\u20131972), Dr. Wew\u00ader, Peheim (1972\u20131974), Bern\u00adhard Grev\u00ader, Stallf\u00f6r\u00adden (1974\u20131979), Josef Sibbel, Clop\u00adpen\u00adburg (1979\u20131986), dann hat\u00adte J\u00fcr\u00adgen Berg\u00ader das Amt f\u00fcr zwei Jahre inne bevor Josef Sibbel nochmals f\u00fcr zwei Jahre \u00fcber\u00adnahm. Unter\u00adst\u00fctzt wur\u00adden sie von ihren Vor\u00adstand\u00adskol\u00adle\u00adgen und Gesch\u00e4fts\u00adf\u00fchrern, so hat\u00adte Gre\u00adgor B\u00fct\u00adtner das Amt des Gesch\u00e4fts\u00adf\u00fchrers von 1974 bis 1979 inne, blieb dem Vere\u00adin aber noch bis 1984 als Schrift\u00adf\u00fchrer erhal\u00adten. Anto\u00adnius Hey\u00ader hat\u00adte zu dieser Zeit die Stel\u00adlung des Jugend\u00adwartes inne. Mit drei Turnier\u00admannschaften (Jugend, Sprin\u00adgen und Dres\u00adsur) kon\u00adnte der Reitvere\u00adin Vere\u00adin zahlre\u00adiche Erfolge aufweisen. Lud\u00adwig (Lui) Aver\u00adbeck von der Mol\u00adberg\u00ader Stra\u00dfe war in dieser Zeit als Fut\u00adter und Stallmeis\u00adter unent\u00adbehrlich f\u00fcr den Verein.<\/p>\n<p>In den fol\u00adgen\u00adden Jahren kamen als Bau\u00adma\u00df\u00adnah\u00admen Stal\u00adlun\u00adgen, die kleine Halle und die Reit\u00aderk\u00adlause hinzu. Diese wurde in Eigen\u00adregie gebaut, das Mate\u00adr\u00adi\u00adal stiftete Dieter Drees und neben anderen waren Aloys Kol\u00adbeck, Egon L\u00fcbbe, Wolf\u00adgang Barows\u00adki und Anto\u00adnius Hey\u00ader am Bau beteiligt. Die Klause wurde dann ver\u00adpachtet und es fan\u00adden viele Ver\u00adanstal\u00adtun\u00adgen, wie der son\u00adnt\u00e4gliche Stammtisch, dort statt. Auch die Stro\u00adhhalle, die Anliegerwoh\u00adnung und der Dres\u00adsur\u00adplatz wur\u00adden in dieser Zeit errichtet. 1988 erfol\u00adgte eine grundle\u00adgende Ren\u00adovierung der Anlage. Dieses war ein Ver\u00addi\u00adenst von Her\u00adrn Wig\u00adbers, der die Mit\u00adtel \u00fcber eine Wer\u00adbege\u00admein\u00adschaft erm\u00f6glichte.<\/p>\n<p>1990 kam der Vere\u00adin in finanzielle Schwierigkeit\u00aden und ein Notvor\u00adstand wurde durch das Amts\u00adgericht ver\u00adh\u00e4ngt. Der Nach\u00adfol\u00adgevor\u00adstand unter Aloys Brox\u00adter\u00admann set\u00adzte eine erneute Kon\u00adso\u00adli\u00addierung durch, so dass das Vere\u00adinsleben wieder erbl\u00fchte.<\/p>\n<p>Die pos\u00adi\u00adtive wirtschaftliche Entwick\u00adlung der einzel\u00adnen Vere\u00adine in dieser Region f\u00fchrte dazu, dass viele eine eigene Halle erstell\u00adten und sich das Inter\u00adesse an der Clop\u00adpen\u00adburg\u00ader Halle reduzierte. Zum anderen war der Reit- und Fahrvere\u00adin bem\u00fcht Herr auf dem Gel\u00e4nde am Gar\u00adrel\u00ader Weg zu bleiben. In lan\u00adgen Ver\u00adhand\u00adlun\u00adgen und unter Abfind\u00adung der anderen Vere\u00adine wurde ein Kon\u00adsens gefun\u00adden, bei dem im Novem\u00adber 1994 der Vere\u00adin die Halle erwarb und das Gel\u00e4nde im Erb\u00adbau\u00adrecht \u00fcbernahm.<\/p>\n<p>Aloys Brox\u00adter\u00admann wurde im Jahr 1997 von Maria Heier als 1. Vor\u00adsitzende abgel\u00f6st. Sie hat\u00adte diesen Posten bis 2004 inne. In dieser Zeit wurde die Anlage weit\u00ader aus\u00adge\u00adbaut. F\u00fcr 150.000 <span class=\"caps\">DM<\/span> ent\u00adstanden ein neuer Turnier\u00adplatz und eine Trib\u00fcne. Mit diesen guten Voraus\u00adset\u00adzun\u00adgen kon\u00adnte sich der Reit- und Fahrvere\u00adin 2001 erst\u00admals die Aus\u00fcbung der Weser-Ems-Meis\u00adter\u00adschaften im Sprin\u00adgen und in der Dres\u00adsur bis zur schw\u00aderen Klasse sich\u00adern. Sie sind bis heute ein fes\u00adter Bestandteil der Clop\u00adpen\u00adburg\u00ader Reit\u00adertage. In den fol\u00adgen\u00adden Jahren kon\u00adnte der Vere\u00adin seine Schulden weit\u00ader abbauen. 2004 \u00fcber\u00adnahm mit Alfred Borchers wieder ein Bether das Amt des Vor\u00adsitzen\u00adden im Reitvere\u00adin. Im gle\u00adichen Jahr fusion\u00adierte der S\u00fcdold\u00aden\u00adburg\u00ader Ren\u00adnvere\u00adin mit dem Clop\u00adpen\u00adburg\u00ader Reitvere\u00adin. Der 1911 gegr\u00fcn\u00addete Vere\u00adin f\u00fchrte bis zum 2. Weltkrieg Pfer\u00adderen\u00adnen im Sta\u00addion durch. Nach dem Krieg waren es auch Spring- und Dres\u00adsur\u00adpr\u00fc\u00adfun\u00adgen. Anfang der sechziger Jahre schliefen die Aktiv\u00adit\u00e4ten ein. 1991 gab es eine Reak\u00adtivierung und es fol\u00adgten drei Ren\u00adnver\u00adanstal\u00adtun\u00adgen, aber der erhoffte Erfolg blieb&nbsp;aus.<\/p>\n<p>Unter der Regie von Alfred Borchers wur\u00adden auch die Clop\u00adpen\u00adburg\u00ader Reit\u00adertage weit\u00ader aus\u00adge\u00adbaut. Das Turnier sollte wieder mehr Besuch\u00ader in die B\u00fchren\u00ader Tan\u00adnen lock\u00aden. Die gle\u00adichzeit\u00adig stat\u00adtfind\u00adende Gewerbeschau wurde ver\u00adgr\u00f6\u00dfert&nbsp; und 2010 fand dann erst\u00admals die Clop\u00adpen\u00adburg\u00ader Land\u00adlust statt. Auch in den fol\u00adgen\u00adden Jahren wurde immer weit\u00ader an der Anlage gebaut, so kamen neue Dres\u00adsur\u00adpl\u00e4tze dazu und auch der Spring\u00adplatz wurde weit\u00ader mod\u00adernisiert. 2012 wurde er mit einem Ebbe-Flut- Sys\u00adtem aus\u00adges\u00adtat\u00adtet, was das Reit\u00aden bei fast jed\u00ader Wet\u00adter\u00adlage erlaubt. Auch die Dres\u00adsur\u00adpl\u00e4tze wur\u00adden sp\u00e4ter damit aus\u00adges\u00adtat\u00adtet. Trotz hoher Investi\u00adtio\u00adnen kon\u00adnte kon\u00adtinuier\u00adlich ein Abtrag der Schulden stattfinden.<\/p>\n<p>Im Jahr 2008 fand die erste Pfer\u00adde\u00adwall\u00adfahrt in Bethen statt. Mon\u00adsignore Dr. K\u00f6lt\u00adgen und Alfred Borchers hat\u00adten sie ins Leben gerufen. Sie find\u00adet seit\u00addem j\u00e4hrlich auch unter Mith\u00adil\u00adfe des 1997 neu gegr\u00fcn\u00adde\u00adten Bether Reitvere\u00adins&nbsp;statt.<\/p>\n<p style=\"text-align: center;\"><sub>Pfer\u00adde\u00adwall\u00adfahrt&nbsp;2017<\/sub><\/p>\n<p><img loading=\"lazy\" decoding=\"async\" class=\"size-large wp-image-189 aligncenter\" src=\"http:\/\/testjoko.de\/wp-content\/uploads\/2018\/05\/Bether-Wallfahrt-2017_preview-1024x683.jpeg\" alt width=\"640\" height=\"427\" srcset=\"https:\/\/ruf-cloppenburg.de\/wp-content\/uploads\/2018\/05\/Bether-Wallfahrt-2017_preview-1024x683.jpeg 1024w, https:\/\/ruf-cloppenburg.de\/wp-content\/uploads\/2018\/05\/Bether-Wallfahrt-2017_preview-300x200.jpeg 300w, https:\/\/ruf-cloppenburg.de\/wp-content\/uploads\/2018\/05\/Bether-Wallfahrt-2017_preview-768x512.jpeg 768w, https:\/\/ruf-cloppenburg.de\/wp-content\/uploads\/2018\/05\/Bether-Wallfahrt-2017_preview-1536x1024.jpeg 1536w, https:\/\/ruf-cloppenburg.de\/wp-content\/uploads\/2018\/05\/Bether-Wallfahrt-2017_preview-750x500.jpeg 750w, https:\/\/ruf-cloppenburg.de\/wp-content\/uploads\/2018\/05\/Bether-Wallfahrt-2017_preview.jpeg 2048w\" sizes=\"auto, (max-width: 640px) 100vw, 640px\"><\/p>\n<p style=\"text-align: center;\"><sub>Mon\u00adsignore Dr. K\u00f6lt\u00adgen und Alfred Borchers bei der Begr\u00fc\u00dfung 2015<\/sub><\/p>\n<p><img loading=\"lazy\" decoding=\"async\" class=\"size-large wp-image-190 aligncenter\" src=\"http:\/\/testjoko.de\/wp-content\/uploads\/2018\/05\/2015-Pferdewallfahrt_preview-683x1024.jpeg\" alt width=\"640\" height=\"960\" srcset=\"https:\/\/ruf-cloppenburg.de\/wp-content\/uploads\/2018\/05\/2015-Pferdewallfahrt_preview-683x1024.jpeg 683w, https:\/\/ruf-cloppenburg.de\/wp-content\/uploads\/2018\/05\/2015-Pferdewallfahrt_preview-200x300.jpeg 200w, https:\/\/ruf-cloppenburg.de\/wp-content\/uploads\/2018\/05\/2015-Pferdewallfahrt_preview-768x1152.jpeg 768w, https:\/\/ruf-cloppenburg.de\/wp-content\/uploads\/2018\/05\/2015-Pferdewallfahrt_preview-1024x1536.jpeg 1024w, https:\/\/ruf-cloppenburg.de\/wp-content\/uploads\/2018\/05\/2015-Pferdewallfahrt_preview.jpeg 1365w\" sizes=\"auto, (max-width: 640px) 100vw, 640px\"><\/p>\n<p>Im Dezem\u00adber 2016 starb Alfred Borchers viel zu fr\u00fch nach kurz\u00ader, schw\u00ader\u00ader Krankheit. Im M\u00e4rz 2017 \u00fcber\u00adnahm wiederum ein Bether, Dr. Matthias Wenck, das Amt des 1.Vorsitzenden.<\/p>\n<p>Sportlich kann der Vere\u00adin zahlre\u00adichen Erfolge nach\u00adweisen. So wurde unter anderem in j\u00fcn\u00adger\u00ader Ver\u00adgan\u00adgen\u00adheit die Clop\u00adpen\u00adburg\u00ader Dres\u00adsur\u00admannschaft unter Leitung von Angela Schrandt 2007 Lan\u00addesmeis\u00adter. Auch in anderen Sparten wie Einzel Dres\u00adsur und Einzel Sprin\u00adgen kon\u00adnten immer wieder gute Platzierun\u00adgen und Meis\u00adter\u00adti\u00adtel erk\u00e4mpft werden.<\/p>\n<p>Der Voltigier\u00adsport, der nach dem Krieg und in den neun\u00adziger Jahren eine Hochzeit hat\u00adte, spielte im Vere\u00adin immer eine gro\u00dfe Rolle. 1956 wurde die Voltigier\u00adabteilung gegr\u00fcn\u00addet und von Heinz Rolfmey\u00ader trainiert. Unter der Leitung von Bern\u00adhard Grev\u00ader belegte die Mannschaft 1960 den 2. Platz bei der inof\u00adfiziellen Deutschen Meis\u00adter\u00adschaft in Wies\u00adbaden. Eines der Voltigierpferde, eine Old\u00aden\u00adburg\u00ader Rapp\u00adstute, wurde schon seit Jahren von Bauer und Hengsthal\u00adter Gerd Scharpekant zur Ver\u00adf\u00fc\u00adgung gestellt. Trainiert wurde auf dem Clop\u00adpen\u00adburg\u00ader Mark\u00adt\u00adplatz. In den sechziger Jahren kam der Voltigier\u00adsport zum Erliegen. Eine Neubele\u00adgung fand 1973 durch Chris\u00adtine Drees statt. Seit 1976 war der Voltigier\u00adsport eng mit der Fam\u00adi\u00adlie Schl\u00f6mer ver\u00adbun\u00adden. Maria Schl\u00f6mer f\u00fchrte die Mannschaft zu zahlre\u00adichen Siegen. Auch heute ist die Voltigier\u00adabteilung unter Manuela Henke sehr erfol\u00adgre\u00adich. Sie \u00fcber\u00adnahm das Amt 2010 als Trainerin.<\/p>\n<p>Lei\u00adder k\u00f6n\u00adnen in dieser Abhand\u00adlung \u00fcber den Reitvere\u00adin nicht alle genan\u00adnt wer\u00adden, die ihn zu dem gemacht haben, der er heute&nbsp;ist.<\/p>\n<p>Sabine Wenck<\/p>\n<p>Quelle: Dr. Diet\u00admar Raczek, Anto\u00adnius Hey\u00ader, M\u00fcn\u00adster\u00adl\u00e4ndis\u00adche Tageszeitung, Archiv Niemeyer<\/p>\n","protected":false},"excerpt":{"rendered":"<p>Die Gr\u00fcn\u00addung des Reit- und Fahrvere\u00adins Clop\u00adpen\u00adburg in Bethen geht auf das Jahr 1922 zur\u00fcck. Die 1. Mit\u00adgliederver\u00adsamm\u00adlung tagte in der Gast\u00adst\u00e4tte D\u00f6lling. Zu den Mit\u00adbe\u00adgr\u00fcn\u00addern z\u00e4hlte unter anderen Anton Hey\u00ader. Die endg\u00fcltige Gr\u00fcn\u00addung fand dann 1923 statt. Zu dieser Zeit wurde in den Bether Tan\u00adnen auf L\u00fcbben Grund gerit\u00adten. Um das Jahr 1925 gelang <a href=\"https:\/\/ruf-cloppenburg.de\/index.php\/geschichte\/\" rel=\"nofollow\"><span class=\"sr-only\">Read more about Geschichte<\/span>[\u2026]<\/a><\/p>\n","protected":false},"author":1,"featured_media":0,"parent":0,"menu_order":0,"comment_status":"closed","ping_status":"closed","template":"template-fullwidth.php","meta":{"wp_typography_post_enhancements_disabled":false,"_monsterinsights_skip_tracking":false,"_monsterinsights_sitenote_active":false,"_monsterinsights_sitenote_note":"","_monsterinsights_sitenote_category":0,"footnotes":""},"class_list":["post-88","page","type-page","status-publish","hentry"],"_links":{"self":[{"href":"https:\/\/ruf-cloppenburg.de\/index.php\/wp-json\/wp\/v2\/pages\/88","targetHints":{"allow":["GET"]}}],"collection":[{"href":"https:\/\/ruf-cloppenburg.de\/index.php\/wp-json\/wp\/v2\/pages"}],"about":[{"href":"https:\/\/ruf-cloppenburg.de\/index.php\/wp-json\/wp\/v2\/types\/page"}],"author":[{"embeddable":true,"href":"https:\/\/ruf-cloppenburg.de\/index.php\/wp-json\/wp\/v2\/users\/1"}],"replies":[{"embeddable":true,"href":"https:\/\/ruf-cloppenburg.de\/index.php\/wp-json\/wp\/v2\/comments?post=88"}],"version-history":[{"count":12,"href":"https:\/\/ruf-cloppenburg.de\/index.php\/wp-json\/wp\/v2\/pages\/88\/revisions"}],"predecessor-version":[{"id":440,"href":"https:\/\/ruf-cloppenburg.de\/index.php\/wp-json\/wp\/v2\/pages\/88\/revisions\/440"}],"wp:attachment":[{"href":"https:\/\/ruf-cloppenburg.de\/index.php\/wp-json\/wp\/v2\/media?parent=88"}],"curies":[{"name":"wp","href":"https:\/\/api.w.org\/{rel}","templated":true}]}}